{"id":68,"date":"2024-09-16T08:01:23","date_gmt":"2024-09-16T08:01:23","guid":{"rendered":"https:\/\/asfin.ase.ro\/?page_id=68"},"modified":"2024-11-10T18:10:59","modified_gmt":"2024-11-10T18:10:59","slug":"departamentul-marketing-social-media","status":"publish","type":"page","link":"https:\/\/asfin.ase.ro\/?page_id=68","title":{"rendered":"Departamentul Marketing &#038; Social Media"},"content":{"rendered":"\n<section id=\"section-g-sushqz1\" class=\"wp-block-gutentor-about-block gutentor-section gutentor-about about-template1\"><div class=\"grid-container\"><div class=\"gutentor-block-header\"><div class=\"gutentor-section-title enable-title-design seperator-bottom text-center\"><h2 class=\"gutentor-title\"><\/h2><\/div><\/div><div class=\"gutentor-grid-item-wrap\"><div class=\"gutentor-single-item\"><div class=\"grid-row\"><div class=\"grid-md-6 about-grid\"><div class=\"gutentor-single-item-image-box\"><div class=\"gutentor-image-thumb\"><img fetchpriority=\"high\" decoding=\"async\" class=\"normal-image\" src=\"https:\/\/asfin.ase.ro\/wp-content\/uploads\/2024\/09\/Ana-e1731261159982.jpg\" alt=\"\" height=\"357\" width=\"368\" \/><\/div><\/div><\/div><div class=\"grid-md-6 about-grid\"><div class=\"gutentor-single-item-content\"><div class=\"gutentor-about-content\"><h3 class=\"gutentor-single-item-title\"><br><strong>Ana NAUM<\/strong><\/h3><p class=\"gutentor-single-item-desc\">Ana-Maria este o persoan\u0103 creativ\u0103, energic\u0103 \u0219i plin\u0103 de voie bun\u0103, mereu implicat\u0103 \u00een activit\u0103\u021bi extracurriculare care \u00eei permit s\u0103 se dezvolte pe multiple planuri. \u00cen timpul liber, \u00eei place s\u0103 exploreze locuri noi din Bucure\u0219ti, descoperind aspecte inedite ale ora\u0219ului. De asemenea, este pasionat\u0103 de Formula 1, fascinat\u0103 de dinamismul \u0219i competitivitatea acestui sport.<\/p><\/div><\/div><\/div><\/div><\/div><\/div><\/div><\/section>\n\n\n\n<section id=\"section-g-ccc99zr\" class=\"wp-block-gutentor-about-block gutentor-section gutentor-about about-template1\"><div class=\"grid-container\"><div class=\"gutentor-block-header\"><div class=\"gutentor-section-title enable-title-design seperator-bottom text-center\"><h2 class=\"gutentor-title\"><\/h2><\/div><\/div><div class=\"gutentor-grid-item-wrap\"><div class=\"gutentor-single-item\"><div class=\"grid-row\"><div class=\"grid-md-6 about-grid\"><div class=\"gutentor-single-item-image-box\"><div class=\"gutentor-image-thumb\"><img decoding=\"async\" class=\"normal-image\" src=\"https:\/\/asfin.ase.ro\/wp-content\/uploads\/2024\/09\/Miha-e1731261177647.jpg\" alt=\"\" height=\"356\" width=\"368\" \/><\/div><\/div><\/div><div class=\"grid-md-6 about-grid\"><div class=\"gutentor-single-item-content\"><div class=\"gutentor-about-content\"><h3 class=\"gutentor-single-item-title\"><br><strong>Mihaela BOLDESCU<\/strong><\/h3><p class=\"gutentor-single-item-desc\"><p class=\"cvGsUA direction-ltr align-justify para-style-body\" style=\", _fb_, auto;--cyV3ZQ: 18.6666px;--gJPlXQ: 0.6;line-height: 11px\"><\/p>Mihaela este student\u0103 la masterul de Finan\u021be Corporative \u0219i absolvent\u0103 a Facult\u0103\u021bii de Finan\u021be, Asigur\u0103ri, B\u0103nci \u0219i Burse de Valori. \u00cenc\u0103 din primul an de facultate, s-a remarcat prin implicarea activ\u0103 \u00een via\u021ba studen\u021beasc\u0103, oferind suport colegilor \u0219i particip\u00e2nd la diverse activit\u0103\u021bi extracurriculare. Experien\u021ba acumulat\u0103 ca membru \u00een Consiliul Facult\u0103\u021bii \u0219i mai t\u00e2rziu \u00een Senatul Universitar i-a demonstrat c\u0103 succesul vine din munca \u00een echip\u0103 \u0219i din perseveren\u021b\u0103. Pe l\u00e2ng\u0103 pasiunea pentru lumea financiar\u0103, care s-a dezvoltat tot mai mult \u00een ultimii trei ani, Mihaela este o iubitoare a muzicii \u0219i c\u00e2nt\u0103 la trei instrumente, unind astfel talentul artistic cu cel analitic.<\/p><\/div><\/div><\/div><\/div><\/div><\/div><\/div><\/section>\n\n\n\n<section id=\"section-g-yde5ucm\" class=\"wp-block-gutentor-about-block gutentor-section gutentor-about about-template1\"><div class=\"grid-container\"><div class=\"gutentor-block-header\"><div class=\"gutentor-section-title enable-title-design seperator-bottom text-center\"><h2 class=\"gutentor-title\"><\/h2><\/div><\/div><div class=\"gutentor-grid-item-wrap\"><div class=\"gutentor-single-item\"><div class=\"grid-row\"><div class=\"grid-md-6 about-grid\"><div class=\"gutentor-single-item-image-box\"><div class=\"gutentor-image-thumb\"><img decoding=\"async\" class=\"normal-image\" src=\"https:\/\/asfin.ase.ro\/wp-content\/uploads\/2024\/11\/Lazarovici-Andrei-e1731261423301.jpeg\" alt=\"\" height=\"368\" width=\"368\" \/><\/div><\/div><\/div><div class=\"grid-md-6 about-grid\"><div class=\"gutentor-single-item-content\"><div class=\"gutentor-about-content\"><h3 class=\"gutentor-single-item-title\"><br><strong>Andrei LAZAROVICI<\/strong><\/h3><p class=\"gutentor-single-item-desc\"><p class=\"cvGsUA direction-ltr align-justify para-style-body\" style=\", _fb_, auto;--cyV3ZQ: 18.6666px;--gJPlXQ: 0.6;line-height: 11px\"><\/p>Andrei este ambi\u021bios \u0219i creativ, remarc\u00e2ndu-se prin pasiunea pentru tot ceea ce \u021bine de design grafic. Deschis \u0219i prietenos, Andrei este mereu gata s\u0103 construiasc\u0103 leg\u0103turi cu oameni noi. Este genul de persoan\u0103 care nu se fere\u0219te de provoc\u0103ri, av\u00e2nd mereu energia \u0219i determinarea necesare pentru a duce lucrurile la bun sf\u00e2r\u0219it.<\/p><\/div><\/div><\/div><\/div><\/div><\/div><\/div><\/section>\n\n\n\n<section id=\"section-g-200naai\" class=\"wp-block-gutentor-about-block gutentor-section gutentor-about about-template1\"><div class=\"grid-container\"><div class=\"gutentor-block-header\"><div class=\"gutentor-section-title enable-title-design seperator-bottom text-center\"><h2 class=\"gutentor-title\"><\/h2><\/div><\/div><div class=\"gutentor-grid-item-wrap\"><div class=\"gutentor-single-item\"><div class=\"grid-row\"><div class=\"grid-md-6 about-grid\"><div class=\"gutentor-single-item-image-box\"><div class=\"gutentor-image-thumb\"><img loading=\"lazy\" decoding=\"async\" class=\"normal-image\" src=\"https:\/\/asfin.ase.ro\/wp-content\/uploads\/2024\/11\/Nedelcu-Rares-scaled-e1731261481948.jpg\" alt=\"\" height=\"368\" width=\"368\" \/><\/div><\/div><\/div><div class=\"grid-md-6 about-grid\"><div class=\"gutentor-single-item-content\"><div class=\"gutentor-about-content\"><h3 class=\"gutentor-single-item-title\"><br><strong>Rare\u0219 NEDELCU<\/strong><\/h3><p class=\"gutentor-single-item-desc\"><p class=\"cvGsUA direction-ltr align-justify para-style-body\" style=\", _fb_, auto;--cyV3ZQ: 18.6666px;--gJPlXQ: 0.6;line-height: 11px\"><\/p>Pasionat de editarea audio video \u0219i student al unui program de Master din cadrul FABBV, o persoan\u0103 care \u00ee\u0219i dore\u0219te s\u0103-\u0219i lase amprenta \u00een lume ajut\u00e2nd pe c\u00e2t de mult posibil oamenii din jurul s\u0103u.<\/p><\/div><\/div><\/div><\/div><\/div><\/div><\/div><\/section>\n\n\n\n<section id=\"section-g-0y6e13e\" class=\"wp-block-gutentor-about-block gutentor-section gutentor-about about-template1\"><div class=\"grid-container\"><div class=\"gutentor-block-header\"><div class=\"gutentor-section-title enable-title-design seperator-bottom text-center\"><h2 class=\"gutentor-title\"><\/h2><\/div><\/div><div class=\"gutentor-grid-item-wrap\"><div class=\"gutentor-single-item\"><div class=\"grid-row\"><div class=\"grid-md-6 about-grid\"><div class=\"gutentor-single-item-image-box\"><div class=\"gutentor-image-thumb\"><img loading=\"lazy\" decoding=\"async\" class=\"normal-image\" src=\"https:\/\/asfin.ase.ro\/wp-content\/uploads\/2024\/11\/Tolstobrach-Matei-e1731261795552.png\" alt=\"\" height=\"367\" width=\"367\" \/><\/div><\/div><\/div><div class=\"grid-md-6 about-grid\"><div class=\"gutentor-single-item-content\"><div class=\"gutentor-about-content\"><h3 class=\"gutentor-single-item-title\"><br><strong>Matei TOLSTOBRACH<\/strong><\/h3><p class=\"gutentor-single-item-desc\"><p class=\"cvGsUA direction-ltr align-justify para-style-body\" style=\", _fb_, auto;--cyV3ZQ: 18.6666px;--gJPlXQ: 0.6;line-height: 11px\"><\/p>Matei s-a n\u0103scut \u0219i a tr\u0103it \u00een Bucure\u0219ti toat\u0103 via\u021ba iar acum este student la FABBV \u00een anul al doilea. Din dorin\u021ba de a-\u0219i ajuta colegii \u00eenc\u0103 din anul I, a \u00eenceput \u00een acest an proiectul Survival Guide ASE, un canal de youtube menit s\u0103 informeze studen\u021bii de anul I despre cum func\u021bioneaz\u0103 universitatea si s\u0103 ofere tutoriale pentru conceptele mai dificile ce apar \u00een materiile comune ale tuturor facult\u0103\u021bilor din cadrul ASE.<\/p><\/div><\/div><\/div><\/div><\/div><\/div><\/div><\/section>\n\n\n\n<section id=\"section-g-35itj4s\" class=\"wp-block-gutentor-about-block gutentor-section gutentor-about about-template1\"><div class=\"grid-container\"><div class=\"gutentor-block-header\"><div class=\"gutentor-section-title enable-title-design seperator-bottom text-center\"><h2 class=\"gutentor-title\"><\/h2><\/div><\/div><div class=\"gutentor-grid-item-wrap\"><div class=\"gutentor-single-item\"><div class=\"grid-row\"><div class=\"grid-md-6 about-grid\"><div class=\"gutentor-single-item-image-box\"><div class=\"gutentor-image-thumb\"><img loading=\"lazy\" decoding=\"async\" class=\"normal-image\" src=\"https:\/\/asfin.ase.ro\/wp-content\/uploads\/2024\/11\/Udrea-Raluca-e1731261872386.jpeg\" alt=\"\" height=\"368\" width=\"393\" \/><\/div><\/div><\/div><div class=\"grid-md-6 about-grid\"><div class=\"gutentor-single-item-content\"><div class=\"gutentor-about-content\"><h3 class=\"gutentor-single-item-title\"><br><strong>Raluca UDREA<\/strong><\/h3><p class=\"gutentor-single-item-desc\"><p class=\"cvGsUA direction-ltr align-justify para-style-body\" style=\", _fb_, auto;--cyV3ZQ: 18.6666px;--gJPlXQ: 0.6;line-height: 11px\"><\/p>Raluca are 18 ani \u0219i a absolvit Colegiul Economic Virgil Madgearu. Este student\u0103 \u00een primul an la licen\u021b\u0103 la FABBV. \u00cei place politica, muzica, sportul, cititul, g\u0103titul \u0219i iube\u0219te animalele. Este o persoan\u0103 foarte sociabil\u0103, dedicat\u0103, creativ\u0103, empatic\u0103 \u0219i cu o capacitate decizional\u0103 foarte bun\u0103. \u00cei place s\u0103 lucreze at\u00e2t \u00een echip\u0103 c\u00e2t \u0219i singur\u0103.<\/p><\/div><\/div><\/div><\/div><\/div><\/div><\/div><\/section>\n","protected":false},"excerpt":{"rendered":"","protected":false},"author":1,"featured_media":0,"parent":0,"menu_order":0,"comment_status":"closed","ping_status":"closed","template":"","meta":{"_editorskit_title_hidden":false,"_editorskit_reading_time":0,"_editorskit_is_block_options_detached":false,"_editorskit_block_options_position":"{}","footnotes":""},"class_list":["post-68","page","type-page","status-publish","hentry"],"_links":{"self":[{"href":"https:\/\/asfin.ase.ro\/index.php?rest_route=\/wp\/v2\/pages\/68","targetHints":{"allow":["GET"]}}],"collection":[{"href":"https:\/\/asfin.ase.ro\/index.php?rest_route=\/wp\/v2\/pages"}],"about":[{"href":"https:\/\/asfin.ase.ro\/index.php?rest_route=\/wp\/v2\/types\/page"}],"author":[{"embeddable":true,"href":"https:\/\/asfin.ase.ro\/index.php?rest_route=\/wp\/v2\/users\/1"}],"replies":[{"embeddable":true,"href":"https:\/\/asfin.ase.ro\/index.php?rest_route=%2Fwp%2Fv2%2Fcomments&post=68"}],"version-history":[{"count":12,"href":"https:\/\/asfin.ase.ro\/index.php?rest_route=\/wp\/v2\/pages\/68\/revisions"}],"predecessor-version":[{"id":576,"href":"https:\/\/asfin.ase.ro\/index.php?rest_route=\/wp\/v2\/pages\/68\/revisions\/576"}],"wp:attachment":[{"href":"https:\/\/asfin.ase.ro\/index.php?rest_route=%2Fwp%2Fv2%2Fmedia&parent=68"}],"curies":[{"name":"wp","href":"https:\/\/api.w.org\/{rel}","templated":true}]}}