{"id":66,"date":"2024-09-16T08:01:23","date_gmt":"2024-09-16T08:01:23","guid":{"rendered":"https:\/\/asfin.ase.ro\/?page_id=66"},"modified":"2024-11-10T18:17:40","modified_gmt":"2024-11-10T18:17:40","slug":"departamentul-educational","status":"publish","type":"page","link":"https:\/\/asfin.ase.ro\/?page_id=66","title":{"rendered":"Departamentul Educa\u021bional"},"content":{"rendered":"\n<section id=\"section-g-9l8l9np\" class=\"wp-block-gutentor-about-block alignwide gutentor-section gutentor-about about-template1 g-pos-d-desktop g-pos-d-tablet g-pos-d-mobile has-tablet-text-align-justify has-mobile-text-align-justify\"><div class=\"grid-container\"><div class=\"gutentor-block-header\"><div class=\"gutentor-section-title enable-title-design seperator-bottom text-center\"><h2 class=\"gutentor-title\"><\/h2><\/div><\/div><div class=\"gutentor-grid-item-wrap\"><div class=\"gutentor-single-item\"><div class=\"grid-row\"><div class=\"grid-md-6 about-grid\"><div class=\"gutentor-single-item-image-box\"><div class=\"gutentor-image-thumb\"><img fetchpriority=\"high\" decoding=\"async\" class=\"normal-image\" src=\"https:\/\/asfin.ase.ro\/wp-content\/uploads\/2024\/09\/Teo-scaled-e1731262475325.jpg\" alt=\"\" height=\"368\" width=\"368\" \/><\/div><\/div><\/div><div class=\"grid-md-6 about-grid\"><div class=\"gutentor-single-item-content\"><div class=\"gutentor-about-content\"><h3 class=\"gutentor-single-item-title\"><br><strong>Teodora PAPAINOG<\/strong><\/h3><p class=\"gutentor-single-item-desc\">Teodora coordoneaz\u0103 Departamentul Educa\u021bional, este o t\u00e2n\u0103r\u0103 ambi\u021bioas\u0103 \u0219i dedicat\u0103, absolvent\u0103 a FABBV. \u00cen prezent este student\u0103 la programul de masterat Finan\u021be Corporative, unde exceleaz\u0103 at\u00e2t \u00een competi\u021biile academice, c\u00e2t \u0219i \u00een activit\u0103\u021bile organiza\u021bionale. Teodora a demonstrat constant un spirit competitiv \u0219i o sete de cunoa\u0219tere, ob\u021bin\u00e2nd premii la competi\u021biile studen\u021be\u0219ti, eviden\u021biindu-\u0219i astfel abilit\u0103\u021bile sale analitice \u0219i de cercetare. Cu patru ani de experien\u021b\u0103 \u00een voluntariat \u0219i-a dezvoltat abilit\u0103\u021bi puternice de comunicare, spirit de echip\u0103, adaptabilitate \u0219i leadership. \u00cen calitate de student reprezentant, Teodora joac\u0103 un rol activ, contribuind la \u00eembun\u0103t\u0103\u021birea experien\u021bei academice a colegilor s\u0103i. Dincolo de lumea financiar\u0103, aceasta exploreaz\u0103 laturi artistice, fiind pasionat\u0103 de fotografie, poezie\u00a0\u0219i\u00a0teatru.<\/p><\/div><\/div><\/div><\/div><\/div><\/div><\/div><\/section>\n\n\n\n<section id=\"section-g-3hhg1xm\" class=\"wp-block-gutentor-about-block gutentor-section gutentor-about about-template1\"><div class=\"grid-container\"><div class=\"gutentor-block-header\"><div class=\"gutentor-section-title enable-title-design seperator-bottom text-center\"><h2 class=\"gutentor-title\"><\/h2><\/div><\/div><div class=\"gutentor-grid-item-wrap\"><div class=\"gutentor-single-item\"><div class=\"grid-row\"><div class=\"grid-md-6 about-grid\"><div class=\"gutentor-single-item-image-box\"><div class=\"gutentor-image-thumb\"><img decoding=\"async\" class=\"normal-image\" src=\"https:\/\/asfin.ase.ro\/wp-content\/uploads\/2024\/09\/Maria-e1731262490875.jpg\" alt=\"\" height=\"368\" width=\"368\" \/><\/div><\/div><\/div><div class=\"grid-md-6 about-grid\"><div class=\"gutentor-single-item-content\"><div class=\"gutentor-about-content\"><h3 class=\"gutentor-single-item-title\"><br><strong>Maria EFTIMIE<\/strong><\/h3><p class=\"gutentor-single-item-desc\">Maria este student\u0103 \u00een anul III la Facultatea de Finan\u021be, a fost activ\u0103 \u00een reprezentarea colegilor \u00eenc\u0103 din liceu, f\u0103c\u00e2nd parte din Consiliul Elevilor. Odat\u0103 intrat\u0103 la facultate, a continuat aceast\u0103 pasiune, implic\u00e2ndu-se \u00een Consiliul Studen\u021bilor, unde \u00ee\u0219i reprezint\u0103 colegii cu acela\u0219i entuziasm. Implicat\u0103 \u00een numeroase proiecte, este pasionat\u0103 de a ajuta oamenii \u0219i \u0219i-a dezvoltat recent abilit\u0103\u021bile profesionale \u00een domeniul asigur\u0103rilor, unde lucreaz\u0103 \u0219i \u00ee\u0219i aprofundeaz\u0103 cuno\u0219tin\u021bele. Sper\u0103 s\u0103 aduc\u0103 un aport important \u00een cadrul asocia\u021biei \u0219i, al\u0103turi de echipa sa, s\u0103 contribuie la dezvoltarea \u00eentregului proiect.<\/p><\/div><\/div><\/div><\/div><\/div><\/div><\/div><\/section>\n\n\n\n<section id=\"section-g-1cq474z\" class=\"wp-block-gutentor-about-block gutentor-section gutentor-about about-template1\"><div class=\"grid-container\"><div class=\"gutentor-block-header\"><div class=\"gutentor-section-title enable-title-design seperator-bottom text-center\"><h2 class=\"gutentor-title\"><\/h2><\/div><\/div><div class=\"gutentor-grid-item-wrap\"><div class=\"gutentor-single-item\"><div class=\"grid-row\"><div class=\"grid-md-6 about-grid\"><div class=\"gutentor-single-item-image-box\"><div class=\"gutentor-image-thumb\"><img decoding=\"async\" class=\"normal-image\" src=\"https:\/\/asfin.ase.ro\/wp-content\/uploads\/2024\/09\/Bogdan-e1731262528833.jpg\" alt=\"\" height=\"368\" width=\"368\" \/><\/div><\/div><\/div><div class=\"grid-md-6 about-grid\"><div class=\"gutentor-single-item-content\"><div class=\"gutentor-about-content\"><h3 class=\"gutentor-single-item-title\"><br><strong>Bogdan DR\u0102GU\u021a<\/strong><\/h3><p class=\"gutentor-single-item-desc\">Bogdan este o persoan\u0103 calm\u0103, cu un sim\u021b al umorului dezvoltat \u0219i mereu deschis\u0103 c\u0103tre noi provoc\u0103ri. \u00cei place s\u0103 ajute \u0219i, de peste 8 ani, se implic\u0103 \u00een proiecte de voluntariat, axate pe sprijinirea elevilor \u0219i studen\u021bilor. \u00cen timpul liber, sportul ocup\u0103 un loc important \u00een via\u021ba sa, av\u00e2nd o pasiune deosebit\u0103 pentru fotbal\u00a0\u0219i\u00a0Formula\u00a01.<\/p><\/div><\/div><\/div><\/div><\/div><\/div><\/div><\/section>\n\n\n\n<section id=\"section-g-f1j543r\" class=\"wp-block-gutentor-about-block gutentor-section gutentor-about about-template1\"><div class=\"grid-container\"><div class=\"gutentor-block-header\"><div class=\"gutentor-section-title enable-title-design seperator-bottom text-center\"><h2 class=\"gutentor-title\"><\/h2><\/div><\/div><div class=\"gutentor-grid-item-wrap\"><div class=\"gutentor-single-item\"><div class=\"grid-row\"><div class=\"grid-md-6 about-grid\"><div class=\"gutentor-single-item-image-box\"><div class=\"gutentor-image-thumb\"><img loading=\"lazy\" decoding=\"async\" class=\"normal-image\" src=\"https:\/\/asfin.ase.ro\/wp-content\/uploads\/2024\/09\/George-e1731262544317.jpg\" alt=\"\" height=\"407\" width=\"368\" \/><\/div><\/div><\/div><div class=\"grid-md-6 about-grid\"><div class=\"gutentor-single-item-content\"><div class=\"gutentor-about-content\"><h3 class=\"gutentor-single-item-title\"><br><strong>George GIUBALC\u0102<\/strong><\/h3><p class=\"gutentor-single-item-desc\">George este pasionat al domeniului fiscalit\u0103\u021bii, cu un interes deosebit pentru TVA \u0219i impozite. Dup\u0103 absolvirea Facult\u0103\u021bii de Finan\u021be \u0219i B\u0103nci, a ales s\u0103 \u00ee\u0219i aprofundeze cuno\u0219tin\u021bele printr-un masterat \u00een Fiscalitate. Cu o abordare analitic\u0103 \u0219i o mentalitate economica bine conturat\u0103, George \u0219i-a dezvoltat o expertiz\u0103 puternic\u0103 \u00een interpretarea \u0219i aplicarea normelor fiscale. \u00cen afara carierei academice \u0219i profesionale, sportul joac\u0103 un rol important \u00een via\u021ba sa, oferindu-i un echilibru s\u0103n\u0103tos \u00eentre munc\u0103 \u0219i pasiuni personale.<\/p><\/div><\/div><\/div><\/div><\/div><\/div><\/div><\/section>\n\n\n\n<section id=\"section-g-bb194ud\" class=\"wp-block-gutentor-about-block gutentor-section gutentor-about about-template1\"><div class=\"grid-container\"><div class=\"gutentor-block-header\"><div class=\"gutentor-section-title enable-title-design seperator-bottom text-center\"><h2 class=\"gutentor-title\"><\/h2><\/div><\/div><div class=\"gutentor-grid-item-wrap\"><div class=\"gutentor-single-item\"><div class=\"grid-row\"><div class=\"grid-md-6 about-grid\"><div class=\"gutentor-single-item-image-box\"><div class=\"gutentor-image-thumb\"><img loading=\"lazy\" decoding=\"async\" class=\"normal-image\" src=\"https:\/\/asfin.ase.ro\/wp-content\/uploads\/2024\/11\/Florea-Ana-e1731262557318.jpg\" alt=\"\" height=\"366\" width=\"368\" \/><\/div><\/div><\/div><div class=\"grid-md-6 about-grid\"><div class=\"gutentor-single-item-content\"><div class=\"gutentor-about-content\"><h3 class=\"gutentor-single-item-title\"><br><strong>Ana Ruxandra FLOREA<\/strong><\/h3><p class=\"gutentor-single-item-desc\">Ana este student\u0103 \u00een anul III \u00een cadrul Facult\u0103\u021bii de Finan\u021be, Asigur\u0103ri, B\u0103nci \u0219i Burse de Valori. Ea este pasionat\u0103 de domeniul financiar \u0219i \u00ee\u0219i dore\u0219te s\u0103 urmeze o carier\u0103 \u00een aceast\u0103 direc\u021bie. Este o fire calm\u0103, deschis\u0103 s\u0103 \u00eei asculte pe cei din jur \u0219i s\u0103 le ofere o m\u00e2n\u0103 de ajutor atunci c\u00e2nd au nevoie. \u00ce\u0219i dore\u0219te ca \u00eempreun\u0103 cu echipa ASFIN s\u0103 construiasc\u0103 o studen\u021bie memorabil\u0103.<\/p><\/div><\/div><\/div><\/div><\/div><\/div><\/div><\/section>\n\n\n\n<section id=\"section-g-inddna3\" class=\"wp-block-gutentor-about-block gutentor-section gutentor-about about-template1\"><div class=\"grid-container\"><div class=\"gutentor-block-header\"><div class=\"gutentor-section-title enable-title-design seperator-bottom text-center\"><h2 class=\"gutentor-title\"><\/h2><\/div><\/div><div class=\"gutentor-grid-item-wrap\"><div class=\"gutentor-single-item\"><div class=\"grid-row\"><div class=\"grid-md-6 about-grid\"><div class=\"gutentor-single-item-image-box\"><div class=\"gutentor-image-thumb\"><img loading=\"lazy\" decoding=\"async\" class=\"normal-image\" src=\"https:\/\/asfin.ase.ro\/wp-content\/uploads\/2024\/11\/Popa-Teodor-e1731262568243.jpg\" alt=\"\" height=\"368\" width=\"368\" \/><\/div><\/div><\/div><div class=\"grid-md-6 about-grid\"><div class=\"gutentor-single-item-content\"><div class=\"gutentor-about-content\"><h3 class=\"gutentor-single-item-title\"><br><strong>Teodor POPA<\/strong><\/h3><p class=\"gutentor-single-item-desc\">Teo este o persoan\u0103 implicat\u0103 activ \u00een via\u021ba studen\u021beasc\u0103, c\u0103reia \u00eei place s\u0103 ofere ajutor celor care se afl\u0103 \u00een nevoie, fie c\u0103 este vorba doar de o informa\u021bie, fie sprijin fizic. \u00cei place s\u0103-\u0219i dep\u0103\u0219easc\u0103 condi\u021bia, s\u0103 nu-\u0219i pun\u0103 limite \u0219i s\u0103 se fac\u0103 remarcat. C\u00e2t despre pasiuni, \u00eei place s\u0103 g\u0103teasc\u0103, s\u0103 c\u0103l\u0103toreasc\u0103, s\u0103 fotografieze \u0219i s\u0103 foloseasc\u0103 umorul \u00een aproape orice activitate zilnic\u0103 pe care o desf\u0103\u0219oar\u0103, deoarece este de p\u0103rere c\u0103 o zi \u00een care nu r\u00e2zi chiar este o zi pierdut\u0103.<\/p><\/div><\/div><\/div><\/div><\/div><\/div><\/div><\/section>\n\n\n\n<section id=\"section-g-ryilhkg\" class=\"wp-block-gutentor-about-block gutentor-section gutentor-about about-template1\"><div class=\"grid-container\"><div class=\"gutentor-block-header\"><div class=\"gutentor-section-title enable-title-design seperator-bottom text-center\"><h2 class=\"gutentor-title\"><\/h2><\/div><\/div><div class=\"gutentor-grid-item-wrap\"><div class=\"gutentor-single-item\"><div class=\"grid-row\"><div class=\"grid-md-6 about-grid\"><div class=\"gutentor-single-item-image-box\"><div class=\"gutentor-image-thumb\"><img loading=\"lazy\" decoding=\"async\" class=\"normal-image\" src=\"https:\/\/asfin.ase.ro\/wp-content\/uploads\/2024\/11\/Seicarescu-Lavinia-e1731262581112.jpg\" alt=\"\" height=\"368\" width=\"368\" \/><\/div><\/div><\/div><div class=\"grid-md-6 about-grid\"><div class=\"gutentor-single-item-content\"><div class=\"gutentor-about-content\"><h3 class=\"gutentor-single-item-title\"><br><strong>Lavinia \u0218EIC\u0102RESCU<\/strong><\/h3><p class=\"gutentor-single-item-desc\">Lavinia este student\u0103 \u00een anul II la FABBV. Ea este o persoan\u0103 pasionat\u0103 de domeniul financiar, implicat\u0103, organizat\u0103 \u0219i dornic\u0103 s\u0103 \u00eenve\u021be mereu lucruri noi. De asemenea este o student\u0103 implicat\u0103 \u00een via\u021ba studen\u021beasc\u0103, particip\u00e2nd la Sesiunea de Comunic\u0103ri \u0218tiin\u021bifice, proiecte Erasmus \u0219i diverse activit\u0103\u021bi de voluntariat din cadrul ASE. \u00cei place s\u0103-\u0219i petreac\u0103 timpul liber ascult\u00e2nd muzica,citind articole psihologice, merg\u00e2nd \u00een<br>drume\u021bii pe munte, plimb\u00e2ndu-se cu bicicleta \u0219i urm\u0103rind seriale.<\/p><\/div><\/div><\/div><\/div><\/div><\/div><\/div><\/section>\n","protected":false},"excerpt":{"rendered":"","protected":false},"author":1,"featured_media":0,"parent":0,"menu_order":0,"comment_status":"closed","ping_status":"closed","template":"","meta":{"_editorskit_title_hidden":false,"_editorskit_reading_time":0,"_editorskit_is_block_options_detached":false,"_editorskit_block_options_position":"{}","footnotes":""},"class_list":["post-66","page","type-page","status-publish","hentry"],"_links":{"self":[{"href":"https:\/\/asfin.ase.ro\/index.php?rest_route=\/wp\/v2\/pages\/66","targetHints":{"allow":["GET"]}}],"collection":[{"href":"https:\/\/asfin.ase.ro\/index.php?rest_route=\/wp\/v2\/pages"}],"about":[{"href":"https:\/\/asfin.ase.ro\/index.php?rest_route=\/wp\/v2\/types\/page"}],"author":[{"embeddable":true,"href":"https:\/\/asfin.ase.ro\/index.php?rest_route=\/wp\/v2\/users\/1"}],"replies":[{"embeddable":true,"href":"https:\/\/asfin.ase.ro\/index.php?rest_route=%2Fwp%2Fv2%2Fcomments&post=66"}],"version-history":[{"count":19,"href":"https:\/\/asfin.ase.ro\/index.php?rest_route=\/wp\/v2\/pages\/66\/revisions"}],"predecessor-version":[{"id":584,"href":"https:\/\/asfin.ase.ro\/index.php?rest_route=\/wp\/v2\/pages\/66\/revisions\/584"}],"wp:attachment":[{"href":"https:\/\/asfin.ase.ro\/index.php?rest_route=%2Fwp%2Fv2%2Fmedia&parent=66"}],"curies":[{"name":"wp","href":"https:\/\/api.w.org\/{rel}","templated":true}]}}