{"id":57,"date":"2024-09-16T07:54:44","date_gmt":"2024-09-16T07:54:44","guid":{"rendered":"https:\/\/asfin.ase.ro\/?page_id=57"},"modified":"2025-06-07T13:56:03","modified_gmt":"2025-06-07T13:56:03","slug":"noutati","status":"publish","type":"page","link":"https:\/\/asfin.ase.ro\/?page_id=57","title":{"rendered":"Nout\u0103\u021bi"},"content":{"rendered":"\n<section id=\"section-g-1l7f8nj\" class=\"wp-block-gutentor-about-block alignfull gutentor-section gutentor-about about-template1 g-pos-d-desktop g-pos-d-tablet g-pos-d-mobile\"><div class=\"grid-container\"><div class=\"gutentor-block-header\"><div class=\"gutentor-section-title enable-title-design seperator-bottom text-center\"><h2 class=\"gutentor-title\"><mark class=\"has-inline-color has-black-color\">\ud835\udde6\ud835\uddf2\ud835\uddff\ud835\uddf6\ud835\uddee \ud835\uddf1\ud835\uddf2 \ud835\ude04\ud835\uddfc\ud835\uddff\ud835\uddf8\ud835\ude00\ud835\uddf5\ud835\uddfc\ud835\uddfd-\ud835\ude02\ud835\uddff\ud835\uddf6<\/mark><br> <strong><mark class=\"has-inline-color has-black-color\">\ud835\udddc\ud835\uddfb\ud835\uddfc\ud835\ude03\ud835\uddee\ud835\ude01\u0326\ud835\uddf6\ud835\uddf2 \ud835\ude00\u0326\ud835\uddf6 \ud835\uddf1\ud835\uddf6\ud835\uddf4\ud835\uddf6\ud835\ude01\ud835\uddee\ud835\uddf9\ud835\uddf6\ud835\ude07\ud835\uddee\ud835\uddff\ud835\uddf2 \ud835\uddf6\u0302\ud835\uddfb \ud835\uddf3\ud835\uddf6\ud835\uddfb\ud835\uddee\ud835\uddfb\ud835\ude01\u0326\ud835\uddf2 \ud835\ude00\u0326\ud835\uddf6 \ud835\uddef\ud835\uddee\ud835\uddfb\ud835\uddf8\ud835\uddf6\ud835\uddfb\ud835\uddf4<\/mark><\/strong><br><br><\/h2><\/div><\/div><div class=\"gutentor-grid-item-wrap\"><div class=\"gutentor-single-item\"><div class=\"grid-row\"><div class=\"grid-md-6 about-grid\"><div class=\"gutentor-single-item-image-box\"><div class=\"gutentor-image-thumb\"><img fetchpriority=\"high\" decoding=\"async\" class=\"normal-image\" src=\"https:\/\/asfin.ase.ro\/wp-content\/uploads\/2025\/04\/vizual-9-aprilie-e1743836279541.png\" alt=\"\" height=\"1415\" width=\"1000\" \/><\/div><\/div><\/div><div class=\"grid-md-6 about-grid\"><div class=\"gutentor-single-item-content\"><div class=\"gutentor-about-content\"><h3 class=\"gutentor-single-item-title\"><strong><mark class=\"has-inline-color has-red-color\">Investi\u021bii inteligente \u00een contextul provoc\u0103rilor macroeconomice \u0219i politice actuale<\/mark><\/strong><\/h3><p class=\"gutentor-single-item-desc\">Lans\u0103m seria de evenimente \u201eI\u0274\u1d0f\u1d20\u1d00\u1d1b\u0326\u026a\u1d07 s\u0326\u026a \u1d05\u026a\u0262\u026a\u1d1b\u1d00\u029f\u026a\u1d22\u1d00\u0280\u1d07 \u026a\u0302\u0274 \u0493\u026a\u0274\u1d00\u0274\u1d1b\u0326\u1d07 s\u0326\u026a \u0299\u1d00\u0274\u1d0b\u026a\u0274\u0262\u201d, un cadru de dezbatere dedicat celor interesa\u021bi de transform\u0103rile economice, noile tehnologii financiare \u0219i strategiile investi\u021bionale adaptate provoc\u0103rilor actuale.<br><br>\ud83d\udccc Primul workshop din aceast\u0103 serie \u00eel are ca invitat pe \ud835\uddfd\ud835\uddff\ud835\uddfc\ud835\uddf3. \ud835\ude02\ud835\uddfb\ud835\uddf6\ud835\ude03. \ud835\uddf1\ud835\uddff. \ud835\udde5\ud835\uddee\ud835\uddf1\ud835\ude02 \ud835\uddd6\ud835\uddf6\ud835\uddfc\ud835\uddef\ud835\uddee\ud835\uddfb\ud835\ude02, care va analiza impactul incertitudinilor economice \u0219i politice asupra pie\u021belor financiare \u0219i va prezenta metode de optimizare a strategiilor investi\u021bionale \u00een acest context.<br><br>Temele principale abordate:<br>\u2714 Evolu\u021biile economice actuale \u0219i efectele asupra pie\u021belor financiare<br>\u2714 Gestionarea riscului \u0219i luarea deciziilor investi\u021bionale \u00een perioade de volatilitate<br>\u2714 Oportunit\u0103\u021bi de investi\u021bii pe termen mediu \u0219i lung<br><br>Evenimentul este destinat studen\u021bilor, absolven\u021bilor \u0219i tuturor celor interesa\u021bi de domeniul financiar-bancar.<br><br>\ud83d\udccc Participarea este gratuit\u0103, \u00eens\u0103 locurile sunt limitate. V\u0103 rug\u0103m s\u0103 completa\u021bi formularul de \u00eenscriere pentru a v\u0103 asigura participarea.<br><br>V\u0103 a\u0219tept\u0103m la un dialog aplicat despre provoc\u0103rile \u0219i oportunit\u0103\u021bile din lumea financiar\u0103!<br><br>Pentru \u00eenscrieri click <strong><a href=\"https:\/\/docs.google.com\/forms\/d\/e\/1FAIpQLSd7Dxa10n-6zq5MgdZcSTt0dCslF21CxSzaSzRs2kvpGWVcPw\/viewform?usp=header\" data-type=\"link\" data-id=\"https:\/\/docs.google.com\/forms\/d\/e\/1FAIpQLSd7Dxa10n-6zq5MgdZcSTt0dCslF21CxSzaSzRs2kvpGWVcPw\/viewform?usp=header\">aici <\/a><\/strong>&#8230;<\/p><\/div><\/div><\/div><\/div><\/div><\/div><\/div><\/section>\n\n\n\n<section id=\"section-g-3mlz376\" class=\"wp-block-gutentor-about-block alignfull gutentor-section gutentor-about about-template1 g-pos-d-desktop g-pos-d-tablet g-pos-d-mobile\"><div class=\"grid-container\"><div class=\"gutentor-block-header\"><div class=\"gutentor-section-title enable-title-design seperator-bottom text-center\"><h2 class=\"gutentor-title\"><\/h2><\/div><\/div><div class=\"gutentor-grid-item-wrap\"><div class=\"gutentor-single-item\"><div class=\"grid-row\"><div class=\"grid-md-6 about-grid\"><div class=\"gutentor-single-item-image-box\"><div class=\"gutentor-image-thumb\"><img decoding=\"async\" class=\"normal-image\" src=\"https:\/\/asfin.ase.ro\/wp-content\/uploads\/2025\/04\/W2-Future-Careers-Poster-e1744870756450.jpg\" alt=\"\" height=\"1414\" width=\"1000\" \/><\/div><\/div><\/div><div class=\"grid-md-6 about-grid\"><div class=\"gutentor-single-item-content\"><div class=\"gutentor-about-content\"><h3 class=\"gutentor-single-item-title\"><strong><mark class=\"has-inline-color has-purple-color\">Cariera \u00een 4 pa\u0219i<\/mark><\/strong><\/h3><p class=\"gutentor-single-item-desc\"><br>Cel de-al 2-lea workshop din serie, organizat de ASFIN \u00een parteneriat cu MyFutureCareers, o are ca invitat\u0103 pe <strong>Diana-Oana Cicirean<\/strong> \u2013 Visionary Coach Gen Z, Fondator Future Careers \u0219i Co-fondator Asocia\u021bia Brand Minds.<br><br>Te a\u0219tept\u0103m la \u201eCariera \u00een 4 pa\u0219i\u201d, un workshop care te ajut\u0103 s\u0103-\u021bi conturezi parcursul profesional cu \u00eencredere \u0219i claritate:<br><br>\ud83d\udd39 testare voca\u021bional\u0103 \u2013 descoper\u0103 ce \u021bi se potrive\u0219te cu adev\u0103rat;<br>\ud83d\udd39 redactarea unui CV bine structurat, pe baza rezultatelor;<br>\ud83d\udd39 crearea unui profil LinkedIn care s\u0103 te pun\u0103 \u00een valoare;<br>\ud83d\udd39 ce s\u0103 spui la interviu, pornind de la CV-ul t\u0103u.<br><br>Ne vedem miercuri, <strong>23 aprilie, de la ora 18:00,<\/strong> \u00een <strong>sala 3M2<\/strong>!<br><br>Ce mai a\u0219tep\u021bi? \u00censcrie-te acum!<br><br>Pentru \u00eenscrieri click <strong><a href=\"https:\/\/forms.gle\/Sp1MDF7AWv51HCiU9\" data-type=\"link\" data-id=\"https:\/\/docs.google.com\/forms\/d\/e\/1FAIpQLSd7Dxa10n-6zq5MgdZcSTt0dCslF21CxSzaSzRs2kvpGWVcPw\/viewform?usp=header\">aici <\/a><\/strong>&#8230;<\/p><\/div><\/div><\/div><\/div><\/div><\/div><\/div><\/section>\n\n\n\n<section id=\"section-g-y21sb0o\" class=\"wp-block-gutentor-about-block alignfull gutentor-section gutentor-about about-template1 g-pos-d-desktop g-pos-d-tablet g-pos-d-mobile\"><div class=\"grid-container\"><div class=\"gutentor-block-header\"><div class=\"gutentor-section-title enable-title-design seperator-bottom text-center\"><h2 class=\"gutentor-title\"><\/h2><\/div><\/div><div class=\"gutentor-grid-item-wrap\"><div class=\"gutentor-single-item\"><div class=\"grid-row\"><div class=\"grid-md-6 about-grid\"><div class=\"gutentor-single-item-image-box\"><div class=\"gutentor-image-thumb\"><img decoding=\"async\" class=\"normal-image\" src=\"https:\/\/asfin.ase.ro\/wp-content\/uploads\/2025\/06\/CFA-Workshop-V11-scaled.jpg\" alt=\"\" height=\"2560\" width=\"2048\" \/><\/div><\/div><\/div><div class=\"grid-md-6 about-grid\"><div class=\"gutentor-single-item-content\"><div class=\"gutentor-about-content\"><h3 class=\"gutentor-single-item-title\"><strong><mark class=\"has-inline-color has-blue-color\">\ud835\udc0d\ud835\udc1a\ud835\udc2f\ud835\udc22\ud835\udc20\ud835\udc1a\u0302\ud835\udc27\ud835\udc1d \ud835\udc29\ud835\udc2b\ud835\udc22\ud835\udc27\ud835\udc2d\ud835\udc2b\ud835\udc1e \ud835\udc2f\ud835\udc1a\ud835\udc25\ud835\udc2e\ud835\udc2b\ud835\udc22: \ud835\udc04\ud835\udc2f\ud835\udc28\ud835\udc25\ud835\udc2e\ud835\udc2d\u0326\ud835\udc22\ud835\udc22 \ud835\udc0c\ud835\udc1a\ud835\udc1c\ud835\udc2b\ud835\udc28\ud835\udc1e\ud835\udc1c\ud835\udc28\ud835\udc27\ud835\udc28\ud835\udc26\ud835\udc22\ud835\udc1c\ud835\udc1e \ud835\udc22\u0302\ud835\udc27 \ud835\udc02\ud835\udc28\ud835\udc27\ud835\udc1d\ud835\udc22\ud835\udc2d\u0326\ud835\udc22\ud835\udc22 \ud835\udc1d\ud835\udc1e \ud835\udc08\ud835\udc27\ud835\udc2c\ud835\udc2d\ud835\udc1a\ud835\udc1b\ud835\udc22\ud835\udc25\ud835\udc22\ud835\udc2d\ud835\udc1a\ud835\udc2d\ud835\udc1e<\/mark><\/strong><\/h3><p class=\"gutentor-single-item-desc\">20 mai | ora 18:00 | Sala \u2013 3M2<br><br>Evenimentul aduce \u00een prim-plan trei piloni esen\u021biali de discu\u021bie:<br><img loading=\"lazy\" decoding=\"async\" height=\"16\" width=\"16\" src=\"https:\/\/static.xx.fbcdn.net\/images\/emoji.php\/v9\/t9e\/1\/16\/27a1.png\" alt=\"\u27a1\"> Analiz\u0103 macroeconomic\u0103 aprofundat\u0103, \u00eentr-un context global dominat de incertitudine \u0219i volatilitate<br><img loading=\"lazy\" decoding=\"async\" height=\"16\" width=\"16\" src=\"https:\/\/static.xx.fbcdn.net\/images\/emoji.php\/v9\/t9e\/1\/16\/27a1.png\" alt=\"\u27a1\"> Prezentarea experien\u021bei echipei FABBV, c\u00e2\u0219tig\u0103toare a edi\u021biei 2025 a CFA Institute Research Challenge (coordonat\u0103 de prof.univ.dr. <a href=\"https:\/\/www.facebook.com\/radu.ciobanu.10?__cft__[0]=AZVspoZiF6OAESCLLT9UuIjpwWjNpKESkE3ekEBYZLIjJXEk11lZImBLE3V-K2ykuVDmyc5HQYKIqN-xXYtJhJIV3kvX4PylsiDA9vVaYftRKT6JLCM5zyGt-hCeH2DZ2gTZaVfeOz-bAv6lm-8_0rRJF-m3QfTqi0bVsCyvIEyFSHWwuS5PUWPQsLtZoBmElCSnUXCuNPolc_WshzidWo_u&amp;__tn__=-]K-R\">Radu Ciobanu<\/a>)<br><img loading=\"lazy\" decoding=\"async\" height=\"16\" width=\"16\" src=\"https:\/\/static.xx.fbcdn.net\/images\/emoji.php\/v9\/t9e\/1\/16\/27a1.png\" alt=\"\u27a1\"> Descoperirea certific\u0103rilor CFA Institute, de la cele de baz\u0103 la cele mai recente, \u00eentr-un cadru care conecteaz\u0103 teoria academic\u0103 cu practica profesional\u0103<br><br>Evenimentul este organizat de ASFIN, \u00een colaborare cu CFA Society Romania, \u0219i ofer\u0103 o oportunitate valoroas\u0103 de \u00eenv\u0103\u021bare \u0219i dialog direct cu profesioni\u0219ti din domeniul financiar.<br><br>Invita\u021bi:<br>Andreea Nica, CFA \u2013 Vicepre\u0219edinte CFA Society Romania<br>Cristian Popa, CFA \u2013 Membru \u00een Consiliul de Administra\u021bie BNR<br>David Masculic, CFA \u2013 Investment Manager, Morphosis Capital<br>R\u0103zvan Lefter, CFA &#8211; Mentor al echipei FABBV \u00een cadrul concursului CFA Institute Research Challenge<br><br>Te a\u0219tept\u0103m pentru un mix valoros de cuno\u0219tin\u021be, inspira\u021bie \u0219i networking!<br><br><br><br><\/p><\/div><\/div><\/div><\/div><\/div><\/div><\/div><\/section>\n\n\n\n<section id=\"section-g-mggfk8m\" class=\"wp-block-gutentor-divider section-g-mggfk8m gutentor-element gutentor-section gutentor-divider text-center\"><div class=\"grid-container\"><div class=\"gutentor-divider-box\"><span><svg xmlns=\"http:\/\/www.w3.org\/2000\/svg\" viewBox=\"0 0 240 40\" preserveAspectRatio=\"none\"><path d=\"M56.2 20c5.3-.1 10.6-.2 16-.3l16-.2c10.6-.1 21.3-.1 31.9-.2 10.6.1 21.3 0 31.9.1l16 .2c5.3.1 10.6.2 16 .3-5.3.1-10.6.2-16 .3l-16 .2c-10.6.1-21.3.1-31.9.1-10.6-.1-21.3 0-31.9-.2l-16-.2c-5.4.1-10.7 0-16-.1z\"><\/path><\/svg><\/span><\/div><\/div><\/section>\n\n\n\n<section id=\"section-g-t01l800\" class=\"wp-block-gutentor-about-block alignfull gutentor-section gutentor-about about-template1 g-pos-d-desktop g-pos-d-tablet g-pos-d-mobile\"><div class=\"grid-container\"><div class=\"gutentor-block-header\"><div class=\"gutentor-section-title enable-title-design seperator-bottom text-center\"><h2 class=\"gutentor-title\"><strong>Campania de Pa\u0219te ASFIN<\/strong><br><\/h2><\/div><\/div><div class=\"gutentor-grid-item-wrap\"><div class=\"gutentor-single-item\"><div class=\"grid-row\"><div class=\"grid-md-6 about-grid\"><div class=\"gutentor-single-item-image-box\"><div class=\"gutentor-image-thumb\"><img loading=\"lazy\" decoding=\"async\" class=\"normal-image\" src=\"https:\/\/asfin.ase.ro\/wp-content\/uploads\/2025\/04\/campanie-paste-1.jpg\" alt=\"\" height=\"1350\" width=\"1080\" \/><\/div><\/div><\/div><div class=\"grid-md-6 about-grid\"><div class=\"gutentor-single-item-content\"><div class=\"gutentor-about-content\"><h3 class=\"gutentor-single-item-title\"><br><strong>R\u0103sp\u00e2ndim magia s\u0103rb\u0103torilor pascale! \u2728\ud83d\udc30<\/strong><br><\/h3><p class=\"gutentor-single-item-desc\"><br>Cu ajutorul vostru, am reu\u0219it s\u0103 aducem z\u00e2mbete \u0219i momente de bucurie, alaturi de fundatia &#8220;Inocenti&#8221;, copiilor internati la Institutul National pentru S\u0103n\u0103tatea Mamei si Copilului (INSMC)! \u0218i pentru c\u0103 faptele bune nu se opresc aici, v\u0103 invit\u0103m s\u0103 ne fi\u021bi al\u0103turi \u00eentr-o nou\u0103 aventur\u0103: &#8220;<strong>Iepura\u0219ul Bucuriei<\/strong>&#8220;! \ud83c\udf81<br><br>Acest iepura\u0219 vesel are o misiune special\u0103: s\u0103 umple sufletele celor mici cu surprize! Avem nevoie de juc\u0103rii, puzzle-uri, jocuri de societate \u0219i orice poate aduce fericire \u00een ochii lor.<br><br>Vrei s\u0103 fii parte din magie? \ud83c\udf8a Contacteaz\u0103-ne \u0219i hai s\u0103 facem \u00eempreun\u0103 o lume mai frumoas\u0103! \ud83d\udc96<br><br>Dona\u021biile pot fi aduse <strong>p\u00e2n\u0103 pe 11 aprilie 2025<\/strong>.<br><br><strong>Persoane de contact<\/strong>:<br>Lavinia \u0218eic\u0103rescu &#8211; 0764 138 362<br>Teodor Popa\u00a0&#8211;\u00a00787\u00a0731\u00a0466<\/p><\/div><\/div><\/div><\/div><\/div><\/div><\/div><\/section>\n\n\n\n<section id=\"section-g-fcfbb6p\" class=\"wp-block-gutentor-divider section-g-fcfbb6p gutentor-element gutentor-section gutentor-divider text-center\"><div class=\"grid-container\"><div class=\"gutentor-divider-box\"><span><svg xmlns=\"http:\/\/www.w3.org\/2000\/svg\" viewBox=\"0 0 240 40\" preserveAspectRatio=\"none\"><path d=\"M56.2 20c5.3-.1 10.6-.2 16-.3l16-.2c10.6-.1 21.3-.1 31.9-.2 10.6.1 21.3 0 31.9.1l16 .2c5.3.1 10.6.2 16 .3-5.3.1-10.6.2-16 .3l-16 .2c-10.6.1-21.3.1-31.9.1-10.6-.1-21.3 0-31.9-.2l-16-.2c-5.4.1-10.7 0-16-.1z\"><\/path><\/svg><\/span><\/div><\/div><\/section>\n\n\n\n<main id=\"section-g-zqyw1q2\" class=\"wp-block-gutentor-image-box alignfull gutentor-section gutentor-image-wrapper imagebox-template1\"><div class=\"grid-container\"><div class=\"gutentor-block-header\"><div class=\"gutentor-section-title enable-title-design seperator-bottom text-center\"><h2 class=\"gutentor-title\"><\/h2><\/div><\/div><div class=\"grid-row gutentor-grid-item-wrap\"><div class=\"gutentor-grid-column grid-lg-4 grid-md-4 grid-12\"><div class=\"gutentor-single-item gutentor-image gutentor-single-item-0\"><div class=\"gutentor-single-item-wrap\"><div class=\"gutentor-single-item-image-box\"><div class=\"gutentor-image-thumb\"><img loading=\"lazy\" decoding=\"async\" class=\"normal-image\" src=\"https:\/\/asfin.ase.ro\/wp-content\/uploads\/2024\/09\/3141439-200.png\" alt=\"\" height=\"200\" width=\"200\" \/><\/div><\/div><div class=\"gutentor-single-item-content\"><h3 class=\"gutentor-single-item-title\"><a href=\"https:\/\/asfin.ase.ro\/?page_id=34\" data-type=\"page\" data-id=\"34\">\u0218tiri \u0219i Evenimente ASFIN<\/a><\/h3><p class=\"gutentor-single-item-desc\">Actualiz\u0103ri rapide \u0219i evenimente esen\u021biale!<\/p><\/div><\/div><\/div><\/div><div class=\"gutentor-grid-column grid-lg-4 grid-md-4 grid-12\"><div class=\"gutentor-single-item gutentor-image gutentor-single-item-1\"><div class=\"gutentor-single-item-wrap\"><div class=\"gutentor-single-item-image-box\"><div class=\"gutentor-image-thumb\"><img loading=\"lazy\" decoding=\"async\" class=\"normal-image\" src=\"https:\/\/asfin.ase.ro\/wp-content\/uploads\/2024\/09\/ORGANIGRAMA.png\" alt=\"\" height=\"386\" width=\"400\" \/><\/div><\/div><div class=\"gutentor-single-item-content\"><h3 class=\"gutentor-single-item-title\"><a href=\"https:\/\/asfin.ase.ro\/?page_id=33\" data-type=\"page\" data-id=\"33\">Cunoa\u0219te membri ASFIN<\/a><\/h3><p class=\"gutentor-single-item-desc\">\u00cent\u00e2lne\u0219te-\u021bi colegii finan\u021bi\u0219ti \u0219i creaz\u0103 cu ei!<\/p><\/div><\/div><\/div><\/div><div class=\"gutentor-grid-column grid-lg-4 grid-md-4 grid-12\"><div class=\"gutentor-single-item gutentor-image gutentor-single-item-2\"><div class=\"gutentor-single-item-wrap\"><div class=\"gutentor-single-item-image-box\"><div class=\"gutentor-image-thumb\"><img loading=\"lazy\" decoding=\"async\" class=\"normal-image\" src=\"https:\/\/asfin.ase.ro\/wp-content\/uploads\/2024\/09\/follow-42-e1726610898613.png\" alt=\"\" height=\"200\" width=\"200\" \/><\/div><\/div><div class=\"gutentor-single-item-content\"><h3 class=\"gutentor-single-item-title\"><\/h3><p class=\"gutentor-single-item-desc\"><a href=\"https:\/\/asfin.ase.ro\/?page_id=35\" data-type=\"page\" data-id=\"35\">Al\u0103tur\u0103-te echipei<\/a>!<br><br>Implic\u0103-te \u0219i inspir\u0103!<\/p><\/div><\/div><\/div><\/div><\/div><\/div><\/main>\n","protected":false},"excerpt":{"rendered":"","protected":false},"author":1,"featured_media":0,"parent":0,"menu_order":0,"comment_status":"closed","ping_status":"closed","template":"","meta":{"_editorskit_title_hidden":false,"_editorskit_reading_time":0,"_editorskit_is_block_options_detached":false,"_editorskit_block_options_position":"{}","footnotes":""},"class_list":["post-57","page","type-page","status-publish","hentry"],"_links":{"self":[{"href":"https:\/\/asfin.ase.ro\/index.php?rest_route=\/wp\/v2\/pages\/57","targetHints":{"allow":["GET"]}}],"collection":[{"href":"https:\/\/asfin.ase.ro\/index.php?rest_route=\/wp\/v2\/pages"}],"about":[{"href":"https:\/\/asfin.ase.ro\/index.php?rest_route=\/wp\/v2\/types\/page"}],"author":[{"embeddable":true,"href":"https:\/\/asfin.ase.ro\/index.php?rest_route=\/wp\/v2\/users\/1"}],"replies":[{"embeddable":true,"href":"https:\/\/asfin.ase.ro\/index.php?rest_route=%2Fwp%2Fv2%2Fcomments&post=57"}],"version-history":[{"count":62,"href":"https:\/\/asfin.ase.ro\/index.php?rest_route=\/wp\/v2\/pages\/57\/revisions"}],"predecessor-version":[{"id":793,"href":"https:\/\/asfin.ase.ro\/index.php?rest_route=\/wp\/v2\/pages\/57\/revisions\/793"}],"wp:attachment":[{"href":"https:\/\/asfin.ase.ro\/index.php?rest_route=%2Fwp%2Fv2%2Fmedia&parent=57"}],"curies":[{"name":"wp","href":"https:\/\/api.w.org\/{rel}","templated":true}]}}